{"id":20,"date":"2025-02-17T14:25:40","date_gmt":"2025-02-17T17:25:40","guid":{"rendered":"https:\/\/www.ccta.ufpb.br\/demus\/?page_id=20"},"modified":"2026-04-19T08:18:32","modified_gmt":"2026-04-19T11:18:32","slug":"apresentacao","status":"publish","type":"page","link":"https:\/\/www.ccta.ufpb.br\/demus\/apresentacao\/","title":{"rendered":"Apresenta\u00e7\u00e3o"},"content":{"rendered":"\n<p>O Departamento de M\u00fasica da Universidade Federal da Para\u00edba (DEMUS) foi fundado&nbsp;em 1978. Concomitantemente, foi criado o Curso de Bacharelado em M\u00fasica (BelM\u00fas),&nbsp;atrav\u00e9s da Resolu\u00e7\u00e3o n\u00b0 261\/78 do Conselho Universit\u00e1rio (CONSUNI), de 20 de novembro de 1978. O Bacharelado foi posteriormente reconhecido pela Portaria Ministerial n\u00ba 188, de 30 de abril de 1984. Funcionando no per\u00edodo diurno, o Curso possui atualmente (2008.2) 188 alunos ativos. Anualmente s\u00e3o oferecidas 50 vagas para novos alunos. Ao longo de seus 30 anos de exist\u00eancia, o DEMUS da UFPB vem desenvolvendo um reconhecido trabalho no campo das Pr\u00e1ticas Interpretativas, apresentando um perfil acad\u00eamico voltado notadamente para a forma\u00e7\u00e3o de instrumentistas. Neste per\u00edodo de exist\u00eancia, 291 estudantes conclu\u00edram o Curso de Bacharelado em M\u00fasica. Vale salientar que este Departamento \u00e9 um dos mais completos do Pa\u00eds no que diz respeito ao n\u00famero de diferentes especialidades oferecidas em Pr\u00e1ticas Interpretativas.&nbsp;Atualmente, o Bacharelado inclui os instrumentos de orquestra, al\u00e9m de saxofone, viol\u00e3o, piano, canto e composi\u00e7\u00e3o musical.<\/p>\n\n\n\n<p>Jovens instrumentistas de todo o Brasil, como tamb\u00e9m do exterior, t\u00eam procurado o&nbsp;DeM\u00fas, atra\u00eddos pela possibilidade de uma melhor forma\u00e7\u00e3o acad\u00eamico-musical. Como parte desta forma\u00e7\u00e3o, pr\u00e1ticas interpretativas s\u00e3o desenvolvidas em diversos grupos camer\u00edsticos e orquestrais do quadro do DeM\u00fas. Estes incluem:<\/p>\n\n\n\n<p>1. Banda Sinf\u00f4nica&nbsp;<em>Jos\u00e9 Siqueira<\/em><\/p>\n\n\n\n<p>2. Sexteto Brassil (metais e percuss\u00e3o)<\/p>\n\n\n\n<p>3. Camerata Arte Mulher<\/p>\n\n\n\n<p>4. Cellos de C\u00e2mera<\/p>\n\n\n\n<p>5. Coral Infanto-Juvenil da UFPB<\/p>\n\n\n\n<p>6. Grupo de Percuss\u00e3o do Nordeste<\/p>\n\n\n\n<p>7. Orquestra Sinf\u00f4nica Jovem da UFPB<\/p>\n\n\n\n<p>8. Orquestra Sinf\u00f4nica da UFPB (OSUFPB)<\/p>\n\n\n\n<p>9. Quarteto de Trombones da Para\u00edba<\/p>\n\n\n\n<p>10. Quarteto de Violas da UFPB<\/p>\n\n\n\n<p>11. Artesanato Furioso<\/p>\n\n\n\n<p>12. Grupo de M\u00fasica Contempor\u00e2nea SONANTIS<\/p>\n\n\n\n<p>O perfil de centro formador de instrumentistas tem-se evidenciado na comunidade&nbsp;musical atrav\u00e9s destes conjuntos criados no DEMUS. Suas atividades englobam a realiza\u00e7\u00e3o de&nbsp; concertos e recitais, grava\u00e7\u00e3o de CDs, al\u00e9m da participa\u00e7\u00e3o em eventos musicais no Brasil e no exterior. Muitos dos CDs gravados por estes grupos s\u00e3o considerados registros \u00edmpares da produ\u00e7\u00e3o musical brasileira. Al\u00e9m disto, atuando junto a compositores e arranjadores, eles t\u00eam fomentado a cria\u00e7\u00e3o de novas obras para diversas forma\u00e7\u00f5es instrumentais e vocais, servindo, assim, de laborat\u00f3rio \u201cvivo\u201d para os profissionais da cria\u00e7\u00e3o musical.<\/p>\n\n\n\n<p>Estudantes da \u00e1rea de Pr\u00e1ticas Interpretativas da UFPB t\u00eam sido laureados nos mais&nbsp;importantes concursos de interpreta\u00e7\u00e3o musical do pa\u00eds, a exemplo do Concurso Jovens&nbsp;Solistas de Piracicaba (SP), Jovens Solistas da Orquestra Sinf\u00f4nica da Bahia, Concurso&nbsp;Nelson Freire para Jovens Instrumentistas, Concurso Jovens Solistas da Orquestra Petrobr\u00e1s Pr\u00f3-M\u00fasica, Jovens Int\u00e9rpretes da M\u00fasica Brasileira (Funarte), Concurso Jovens Concertistas Sul Am\u00e9rica, concurso para atua\u00e7\u00e3o na&nbsp;<em>Youth Orchestra of the Americas<\/em>, dentre outros. Da mesma forma, o Departamento de M\u00fasica est\u00e1 sempre representado no corpo docente e discente dos mais importantes festivais e encontros de m\u00fasica no Brasil e no exterior, como no Festival de Inverno de Campos do Jord\u00e3o, Festival Internacional de M\u00fasica de Bel\u00e9m do Par\u00e1, Festival de M\u00fasica de C\u00e2mara de Curitiba, Oficina de M\u00fasica de Curitiba, Encontro Nacional de Trombonistas do Brasil, Curso Internacional de Ver\u00e3o de Bras\u00edlia, Confer\u00eancia Internacional de Trompetistas, Festival de Artes de It\u00fa, Festival Vale Venito (RS), Festival de M\u00fasica de Londrina, Bienal de M\u00fasica Brasileira Contempor\u00e2nea, Festival Internacional de M\u00fasica de C\u00e2mera de Pernambuco, Festival Internacional de Inverno de Domingos Martins (ES), Festival Nacional de Artes da Para\u00edba, Encontro Nordestino de Metais, Festival de Inverno de Campina Grande (PB),&nbsp;<em>Eastern Music Festival&nbsp;<\/em>(Carolina do Norte \u2013 EUA) e&nbsp;<em>Tanglewood Music Festival&nbsp;<\/em>(Massachusetts \u2013 EUA).<\/p>\n\n\n\n<p>Nos \u00faltimos vinte anos, o DEMUS\/UFPB promoveu alguns eventos de grande repercuss\u00e3o junto ao meio acad\u00eamico-musical do Pa\u00eds. Em 1987 realizou o Simp\u00f3sio Nacional Sobre a Pesquisa e o Ensino Musical, SINAPEM, com o apoio do CNPq, da CAPES, e da SESU. Paralelamente, ministrou o Curso de Especializa\u00e7\u00e3o em M\u00fasica do S\u00e9culo XX, sob inteira responsabilidade da UFPB com a presen\u00e7a de docentes da UFBA.&nbsp;<\/p>\n\n\n\n<p>O Departamento de M\u00fasica da UFPB conta ainda com:<\/p>\n\n\n\n<p>\u2013 Trinta e tr\u00eas salas de aula com aparelhos de ar-condicionado e tratamento ac\u00fastico necess\u00e1rios para viabilizar as disciplinas, inclusive, as aulas individuais de instrumento.<\/p>\n\n\n\n<p>\u2013 Biblioteca Setorial Prof. Jos\u00e9 Alberto Kaplan com cerca de 7.000 t\u00edtulos, incluindo livros, peri\u00f3dicos, partituras, CDs, LPs e v\u00eddeos, al\u00e9m do The New Grove Dictionary of Music and Musicians, adquirido em 2006, a maior e mais abrangente publica\u00e7\u00e3o de refer\u00eancia em m\u00fasica do mundo, composto por 29 volumes. Esta Biblioteca encontra-se com um projeto em fase de execu\u00e7\u00e3o, no qual j\u00e1 foram investidos mais de trinta e dois mil reais na compra de livros, v\u00eddeos, assinatura de peri\u00f3dicos e compra de equipamentos, com computador e impressora.<\/p>\n\n\n\n<p><strong>Contato: 83-3216-7123<\/strong><\/p>\n\n\n\n<p>demus@ccta.ufpb.br<\/p>\n","protected":false},"excerpt":{"rendered":"<p>O Departamento de M\u00fasica da Universidade Federal da Para\u00edba (Demus) foi fundado em 1978, e, desde ent\u00e3o, vem tendo uma fundamental import\u00e2ncia no ensino e produ\u00e7\u00e3o no campo musical no estado da Para\u00edba, abrangendo sua influ\u00eancia por todo Brasil e recebendo estudantes estrangeiros em seus cursos. Seu quadro docente atende atualmente os cursos de Bacharelado em m\u00fasica, Licenciatura em M\u00fasica, Curso Superior em M\u00fasica Popular (modalidade sequencial) e a p\u00f3s-gradua\u00e7\u00e3o em n\u00edveis de mestrado e doutorado.<\/p>\n","protected":false},"author":47,"featured_media":242,"parent":0,"menu_order":0,"comment_status":"closed","ping_status":"closed","template":"","meta":{"footnotes":""},"class_list":["post-20","page","type-page","status-publish","has-post-thumbnail","hentry"],"_links":{"self":[{"href":"https:\/\/www.ccta.ufpb.br\/demus\/wp-json\/wp\/v2\/pages\/20","targetHints":{"allow":["GET"]}}],"collection":[{"href":"https:\/\/www.ccta.ufpb.br\/demus\/wp-json\/wp\/v2\/pages"}],"about":[{"href":"https:\/\/www.ccta.ufpb.br\/demus\/wp-json\/wp\/v2\/types\/page"}],"author":[{"embeddable":true,"href":"https:\/\/www.ccta.ufpb.br\/demus\/wp-json\/wp\/v2\/users\/47"}],"replies":[{"embeddable":true,"href":"https:\/\/www.ccta.ufpb.br\/demus\/wp-json\/wp\/v2\/comments?post=20"}],"version-history":[{"count":5,"href":"https:\/\/www.ccta.ufpb.br\/demus\/wp-json\/wp\/v2\/pages\/20\/revisions"}],"predecessor-version":[{"id":253,"href":"https:\/\/www.ccta.ufpb.br\/demus\/wp-json\/wp\/v2\/pages\/20\/revisions\/253"}],"wp:featuredmedia":[{"embeddable":true,"href":"https:\/\/www.ccta.ufpb.br\/demus\/wp-json\/wp\/v2\/media\/242"}],"wp:attachment":[{"href":"https:\/\/www.ccta.ufpb.br\/demus\/wp-json\/wp\/v2\/media?parent=20"}],"curies":[{"name":"wp","href":"https:\/\/api.w.org\/{rel}","templated":true}]}}