{"id":75,"date":"2025-02-17T14:50:47","date_gmt":"2025-02-17T17:50:47","guid":{"rendered":"https:\/\/www.ccta.ufpb.br\/demus\/?page_id=75"},"modified":"2026-03-02T14:27:02","modified_gmt":"2026-03-02T17:27:02","slug":"sexteto-brassil","status":"publish","type":"page","link":"https:\/\/www.ccta.ufpb.br\/demus\/conjuntos-instrumentais\/sexteto-brassil\/","title":{"rendered":"Sexteto Brassil"},"content":{"rendered":"\n<p>Com 45 anos de exist\u00eancia, o Sexteto Brassil (trocadilho da palavra BRASS em ingl\u00eas que significa metal com Brasil) \u00e9 um dos mais respeitados conjuntos de m\u00fasica instrumental brasileira e o mais antigo grupo de m\u00fasica de c\u00e2mara de metais brasileiro em atividade. Este conjunto tem resid\u00eancia no Departamento de M\u00fasica da Universidade Federal da Para\u00edba \u2013 UFPB, na cidade de Jo\u00e3o Pessoa, tendo em sua forma\u00e7\u00e3o docentes da universidade e m\u00fasicos da Orquestra Sinf\u00f4nica da Para\u00edba. B\u00fassola norteadora para os instrumentistas nacionais, o Sexteto Brassil desenvolve um trabalho intenso de pr\u00e1ticas interpretativas, tendo em seu hist\u00f3rico de atividades acad\u00eamicas a participa\u00e7\u00e3o nos principais festivais de m\u00fasica do pa\u00eds em cidades como Curitiba, Bras\u00edlia, Londrina, Campos do Jord\u00e3o, S\u00e3o Paulo, Belo Horizonte, Bel\u00e9m, Recife, Fortaleza etc. Os seus integrantes fazem parte da tradi\u00e7\u00e3o das bandas de m\u00fasica e que tamb\u00e9m tocam o repert\u00f3rio da m\u00fasica popular. Essa \u00e9 uma caracter\u00edstica de muitos instrumentistas de metais no Brasil, que os torna vers\u00e1teis e lhes d\u00e1 a flexibilidade necess\u00e1ria para se sentirem \u00e1 vontade em um estilo que exige o balan\u00e7o particular dos g\u00eaneros populares e a sensibilidade dos m\u00fasicos com forma\u00e7\u00e3o cl\u00e1ssica. Qual \u00e9 o lugar desse grupo e da m\u00fasica que eles fazem no espectro da m\u00fasica brasileira? Seu repert\u00f3rio ecl\u00e9tico que \u00e9, no entanto, de grande coer\u00eancia estil\u00edstica, tem origem no que era conhecido como movimento Armorial. A arte armorial brasileira, segundo Ariano Suassuna, poeta e dramaturgo que desenvolveu o conceito por volta de 1970, na cidade de Recife, est\u00e1 relacionada \u00e0 arte dos bardos itinerantes do nordeste brasileiro. Esses bardos cantam suas poesias em feiras e mercados e o melhor dessa literatura oral \u00e9 impresso em folhetos ilustrados com xilogravuras e pendurados para venda em cordas esticadas entre as barracas do mercado (da\u00ed o nome de literatura de cordel). Essa literatura popular \u00e9 o ponto de encontro tr\u00edplice da poesia narrativa, de artesanato, como pintura e gravura, e de cantos musicais que transmitem essa poesia popular. Assim, o movimento armorial tem como objetivo criar formas de arte enraizadas na cultura popular do Nordeste do Brasil. Mas isso nunca significou colocar apenas vinho velho em garrafas novas. Os forr\u00f3s n\u00e3o foram simplesmente recriados, eles foram transformados e uma nova mistura de elementos deu origem a uma m\u00fasica de alto valor art\u00edstico que pretende ter apelo universal por meio das caracter\u00edsticas espec\u00edficas da cultura popular.<br>O Sexteto Brassil orgulha-se durante todos esses anos de apresentar um amplo espectro de seu repert\u00f3rio cujo resultado deste trabalho \u00e9 uma total empatia com o p\u00fablico, obtendo o reconhecimento das mais exigentes plateias e da cr\u00edtica especializada, tanto do Brasil quanto do exterior.<\/p>\n\n\n\n<p>Aliando t\u00e9cnica, clareza interpretativa e espontaneidade em suas apresenta\u00e7\u00f5es, o resultado do trabalho do grupo \u00e9 uma total empatia com o p\u00fablico, obtendo assim o reconhecimento das mais exigentes plateias e da cr\u00edtica especializada, tanto do Brasil como do exterior. O Sexteto Brassil realizou concertos em todas as regi\u00f5es, nas principais capitais brasileiras e para cidades do exterior como Dijon (Fran\u00e7a), Boston, Nova York, Washington (EUA), Londres e Monmouth (Inglaterra), Montevid\u00e9u (Uruguai). O grupo tamb\u00e9m realizou duas grava\u00e7\u00f5es exclusivas para programas de emissoras de r\u00e1dio de destaque como a BBC de Londres e a WBGH de Boston. O Sexteto Brassil possui cinco CDs gravados: &#8220;BRASSIL TOCA BRASIL&#8221; &#8211; COMEP. S\u00e9rie R\u00e9gia M\u00fasica\/1992 SP; &#8220;BRASSIL PLAYS BRAZIL&#8221; &#8211; NIMBUS RECORDS\/1995 England; &#8220;BRASSILEIROS&#8221; &#8211; NIMBUS RECORDS\/1997 England.; \u201cBEM BRASSIL\u201d \u2013 FIC- PB\/2007 &#8211; Esse CD foi inteiramente dedicado \u00e0 m\u00fasica erudita e de concerto brasileira e ao universo dos dobrados e choros que comp\u00f5em o repert\u00f3rio tradicional das Bandas Filarm\u00f4nicas brasileiras; \u201cBRASSIL INTERPRETA COMPOSITORES DA PARA\u00cdBA\u201d \u2013 PROGRAMA PETROBR\u00c1S CULTURAL\/2008. Esse CD \u00e9 o resultado da parceria entre o COMPOMUS (Laborat\u00f3rio de Composi\u00e7\u00e3o Musical da Universidade Federal da Para\u00edba) e o Sexteto Brassil.<br>Entre os compositores do COMPOMUS presentes neste projeto, est\u00e3o alguns j\u00e1 bem conhecidos no cen\u00e1rio da m\u00fasica contempor\u00e2nea brasileira, como Jos\u00e9 Alberto Kaplan, Eli-Eri Moura, Jos\u00e9 Orlando Alves, Marc\u00edlio Onofre e Didier Guigue, todos radicados na Para\u00edba. H\u00e1 tamb\u00e9m participa\u00e7\u00f5es nas grava\u00e7\u00f5es do CD \u201cPRISMA\u201d- LG\/1999 com obras do compositor Dimas Sed\u00edcias; \u201cDESCOBRINDO JO\u00c3O PERNAMBUCO\u201d do violonista Leandro carvalho. Em DVD, o grupo participou tamb\u00e9m dos trabalhos \u201cUM SOPRO DE BRASIL\u201d, do projeto do SESC &#8211; SP \u201cMEM\u00d3RIA BRASILEIRA\u201d\/2004, que reuniu as principais express\u00f5es da m\u00fasica para sopro nacional e \u201cSIVUCA: O POETA DO SOM\u201d \u2013 FUNESC\/PB\/2005.<br>O Sexteto Brassil tem contribu\u00eddo com a eleva\u00e7\u00e3o da cultura em Pernambuco atrav\u00e9s da constante parceria com compositores pernambucanos, em especial os compositores Dimas Sed\u00edcias(in memoriam) e Jos\u00e9 Urcisino da Silva, tendo gravado e divulgado suas m\u00fasicas internacionalmente nos dois CDs gravados pela Nimbus para o mercado Europeu, Asi\u00e1tico e Norte-Americano. Seus membros t\u00eam participado de diversos projetos educacionais pelo Brasil como o VI e VII Encontro Nordestino de Metais, promovido pela Associa\u00e7\u00e3o de Trompetistas do Brasil com o apoio do Conservat\u00f3rio Pernambucano de M\u00fasica e do Centro Profissionalizante de Criatividade Musical do Recife; Festival Internacional de M\u00fasica de C\u00e2mara de Bel\u00e9m do Par\u00e1 e diversos cursos para metais na Escola de M\u00fasica de S\u00e3o Lu\u00eds do Maranh\u00e3o. Salientamos tamb\u00e9m os encontros de especializa\u00e7\u00e3o para m\u00fasicos de bandas promovidos pelo governo do Estado de Pernambuco &#8211; projeto \u201cBANDAS DE PE\u201d, coordenado pelo Conservat\u00f3rio Pernambucano de M\u00fasica (2007-2018).<\/p>\n\n\n\n<p><br>Cr\u00edticas e coment\u00e1rios da imprensa especializada:<br>&nbsp;\u201cUm concerto de qualidade excepcional consagrado aos metais gra\u00e7as a grandes m\u00fasicos brasileiros que o p\u00fablico soube apreciar, aplaudindo longamente ap\u00f3s cada interpreta\u00e7\u00e3o.\u201d<br>(\u201cLE BIEN PUBLIC\u201d &#8211; Dijon-Fran\u00e7a)<\/p>\n\n\n\n<p><br>\u201cUma bem humorada brincadeira &#8211; a Burlesca de Jos\u00e9 Alberto Kaplan &#8211; revelou as excel\u00eancias do quinteto de metais da Universidade Federal da Para\u00edba (A NOVA MECA DA M\u00daSICA BRASILEIRA).\u201d<br>(\u201cJORNAL DO BRASIL\u201d &#8211; Rio de Janeiro-RJ)<\/p>\n\n\n\n<p><br>\u201cN\u00e3o foi um concerto de notas impec\u00e1veis, mas seus movimentos divertidos, crescendos picantes e termina\u00e7\u00f5es no \u201cponto\u201d tornaram inesquec\u00edvel sua interpreta\u00e7\u00e3o dos compositores brasileiros Kaplan, Silva (Duda) e Villa-Lobos.\u201d<br>(\u201cTHE WASHINGTON POST\u201d &#8211; Washington, DC &#8211; USA).<\/p>\n\n\n\n<p>INTEGRANTES<br>Trompetes Ayrton Muzel Benck Filho Gl\u00e1ucio Xavier da Fonseca<\/p>\n\n\n\n<p> Trompa Cisneiro Soares de Andrade<\/p>\n\n\n\n<p> Trombone Sabiano Jos\u00e9 Ara\u00fajo de Oliveira<\/p>\n\n\n\n<p> Tuba \u00cdris \u00c2ngela Vieira do Nascimento Cavalcanti<\/p>\n\n\n\n<p>  Bateria Saulo Soares de Carvalho<\/p>\n","protected":false},"excerpt":{"rendered":"<p>Com 45 anos de exist\u00eancia, o Sexteto Brassil (trocadilho da palavra BRASS em ingl\u00eas que [&hellip;]<\/p>\n","protected":false},"author":47,"featured_media":0,"parent":40,"menu_order":0,"comment_status":"closed","ping_status":"closed","template":"","meta":{"footnotes":""},"class_list":["post-75","page","type-page","status-publish","hentry"],"_links":{"self":[{"href":"https:\/\/www.ccta.ufpb.br\/demus\/wp-json\/wp\/v2\/pages\/75","targetHints":{"allow":["GET"]}}],"collection":[{"href":"https:\/\/www.ccta.ufpb.br\/demus\/wp-json\/wp\/v2\/pages"}],"about":[{"href":"https:\/\/www.ccta.ufpb.br\/demus\/wp-json\/wp\/v2\/types\/page"}],"author":[{"embeddable":true,"href":"https:\/\/www.ccta.ufpb.br\/demus\/wp-json\/wp\/v2\/users\/47"}],"replies":[{"embeddable":true,"href":"https:\/\/www.ccta.ufpb.br\/demus\/wp-json\/wp\/v2\/comments?post=75"}],"version-history":[{"count":3,"href":"https:\/\/www.ccta.ufpb.br\/demus\/wp-json\/wp\/v2\/pages\/75\/revisions"}],"predecessor-version":[{"id":159,"href":"https:\/\/www.ccta.ufpb.br\/demus\/wp-json\/wp\/v2\/pages\/75\/revisions\/159"}],"up":[{"embeddable":true,"href":"https:\/\/www.ccta.ufpb.br\/demus\/wp-json\/wp\/v2\/pages\/40"}],"wp:attachment":[{"href":"https:\/\/www.ccta.ufpb.br\/demus\/wp-json\/wp\/v2\/media?parent=75"}],"curies":[{"name":"wp","href":"https:\/\/api.w.org\/{rel}","templated":true}]}}