{"id":1062,"date":"2026-07-10T12:38:18","date_gmt":"2026-07-10T15:38:18","guid":{"rendered":"https:\/\/www.ccta.ufpb.br\/lamusi\/?page_id=1062"},"modified":"2026-07-14T11:38:24","modified_gmt":"2026-07-14T14:38:24","slug":"rodrigo-eloy","status":"publish","type":"page","link":"https:\/\/www.ccta.ufpb.br\/lamusi\/rodrigo-eloy\/","title":{"rendered":"Rodrigo Eloy"},"content":{"rendered":"<div class=\"wp-block-image\">\n<figure class=\"alignleft size-large is-resized\"><img loading=\"lazy\" decoding=\"async\" width=\"683\" height=\"1024\" src=\"https:\/\/www.ccta.ufpb.br\/lamusi\/wp-content\/uploads\/sites\/102\/sites\/426\/2026\/07\/Foto-Lucas-Barros_LabFoto_UFPB-@llucasr.b-41-2-683x1024.jpg\" alt=\"\" class=\"wp-image-1074\" style=\"aspect-ratio:0.6669940524908605;width:342px;height:auto\" srcset=\"https:\/\/www.ccta.ufpb.br\/lamusi\/wp-content\/uploads\/sites\/102\/sites\/426\/2026\/07\/Foto-Lucas-Barros_LabFoto_UFPB-@llucasr.b-41-2-683x1024.jpg 683w, https:\/\/www.ccta.ufpb.br\/lamusi\/wp-content\/uploads\/sites\/102\/sites\/426\/2026\/07\/Foto-Lucas-Barros_LabFoto_UFPB-@llucasr.b-41-2-200x300.jpg 200w, https:\/\/www.ccta.ufpb.br\/lamusi\/wp-content\/uploads\/sites\/102\/sites\/426\/2026\/07\/Foto-Lucas-Barros_LabFoto_UFPB-@llucasr.b-41-2-768x1152.jpg 768w, https:\/\/www.ccta.ufpb.br\/lamusi\/wp-content\/uploads\/sites\/102\/sites\/426\/2026\/07\/Foto-Lucas-Barros_LabFoto_UFPB-@llucasr.b-41-2-1024x1536.jpg 1024w, https:\/\/www.ccta.ufpb.br\/lamusi\/wp-content\/uploads\/sites\/102\/sites\/426\/2026\/07\/Foto-Lucas-Barros_LabFoto_UFPB-@llucasr.b-41-2-1365x2048.jpg 1365w, https:\/\/www.ccta.ufpb.br\/lamusi\/wp-content\/uploads\/sites\/102\/sites\/426\/2026\/07\/Foto-Lucas-Barros_LabFoto_UFPB-@llucasr.b-41-2-scaled.jpg 1706w\" sizes=\"auto, (max-width: 683px) 100vw, 683px\" \/><\/figure>\n<\/div>\n\n\n<p class=\"has-text-align-left wp-block-paragraph\" style=\"font-size:20px\"><strong>Rodrigo de Almeida Eloy L\u00f4bo<\/strong> &#8211; iniciou seus estudos de violino em 1994, aos 3 anos de idade, com o professor Ademar Rocha. Em 2004 entrou no curso de extens\u00e3o da Universidade Federal da Para\u00edba sob a orienta\u00e7\u00e3o do Professor Dr. Hermes C. Alvarenga. Nesta mesma institui\u00e7\u00e3o, em 2012, concluiu o curso de Bacharelado em M\u00fasica, com habilita\u00e7\u00e3o em violino, sob orienta\u00e7\u00e3o do mesmo professor. Em 2016 recebeu o t\u00edtulo de Mestre em M\u00fasica e em 2024 o t\u00edtulo de Doutor em M\u00fasica tamb\u00e9m pela Universidade Federal da Para\u00edba sob a orienta\u00e7\u00e3o do Professor Dr. Hermes C. Alvarenga.<br>Durante a sua carreira, j\u00e1 participou de diversos festivais nacionais e internacionais. Nestes, teve a oportunidade de ter aulas com professores de renome internacional, tais como Ole Bohn, Charles Stegeman, Leon Spierer, Mirian Fried, Shmuel Ashkenasi, Simon Bernardini, Daniel Guedes, entre outros. Como camerista, j\u00e1 realizou diversos concertos no Brasil e no exterior, sendo constantemente convidado para participar de festivais de m\u00fasica, tais como a IV Semana Internacional de M\u00fasica de C\u00e2mara do Rio de Janeiro, M\u00fasica na Estrada, Sunflower Music Festival (EUA), entre outros. Vem atuando constantemente como solista a frente das principais orquestras da Para\u00edba. Rodrigo&nbsp;\u00e9 membro do corpo efetivo da Orquestra Sinf\u00f4nica da Universidade Federal da Para\u00edba, atuando como&nbsp;spalla. Tamb\u00e9m \u00e9 membro do Quarteto de Cordas Eli-Eri e do Quinteto Uirapuru.<\/p>\n","protected":false},"excerpt":{"rendered":"<p>Rodrigo de Almeida Eloy L\u00f4bo &#8211; iniciou seus estudos de violino em 1994, aos 3 [&hellip;]<\/p>\n","protected":false},"author":494,"featured_media":0,"parent":0,"menu_order":0,"comment_status":"closed","ping_status":"closed","template":"","meta":{"footnotes":""},"class_list":["post-1062","page","type-page","status-publish","hentry"],"_links":{"self":[{"href":"https:\/\/www.ccta.ufpb.br\/lamusi\/wp-json\/wp\/v2\/pages\/1062","targetHints":{"allow":["GET"]}}],"collection":[{"href":"https:\/\/www.ccta.ufpb.br\/lamusi\/wp-json\/wp\/v2\/pages"}],"about":[{"href":"https:\/\/www.ccta.ufpb.br\/lamusi\/wp-json\/wp\/v2\/types\/page"}],"author":[{"embeddable":true,"href":"https:\/\/www.ccta.ufpb.br\/lamusi\/wp-json\/wp\/v2\/users\/494"}],"replies":[{"embeddable":true,"href":"https:\/\/www.ccta.ufpb.br\/lamusi\/wp-json\/wp\/v2\/comments?post=1062"}],"version-history":[{"count":5,"href":"https:\/\/www.ccta.ufpb.br\/lamusi\/wp-json\/wp\/v2\/pages\/1062\/revisions"}],"predecessor-version":[{"id":1102,"href":"https:\/\/www.ccta.ufpb.br\/lamusi\/wp-json\/wp\/v2\/pages\/1062\/revisions\/1102"}],"wp:attachment":[{"href":"https:\/\/www.ccta.ufpb.br\/lamusi\/wp-json\/wp\/v2\/media?parent=1062"}],"curies":[{"name":"wp","href":"https:\/\/api.w.org\/{rel}","templated":true}]}}