{"id":1086,"date":"2026-07-14T10:46:24","date_gmt":"2026-07-14T13:46:24","guid":{"rendered":"https:\/\/www.ccta.ufpb.br\/lamusi\/?page_id=1086"},"modified":"2026-07-14T11:25:40","modified_gmt":"2026-07-14T14:25:40","slug":"anne-katarinne","status":"publish","type":"page","link":"https:\/\/www.ccta.ufpb.br\/lamusi\/anne-katarinne\/","title":{"rendered":"Anne Katarinne"},"content":{"rendered":"<div class=\"wp-block-image\">\n<figure class=\"alignleft size-large is-resized\"><img loading=\"lazy\" decoding=\"async\" width=\"683\" height=\"1024\" src=\"https:\/\/www.ccta.ufpb.br\/lamusi\/wp-content\/uploads\/sites\/102\/sites\/426\/2026\/07\/Foto-Sofia-Ferreira_LabFoto_UFPB-@sofi_saant-54-683x1024.jpg\" alt=\"\" class=\"wp-image-1087\" style=\"aspect-ratio:0.6670061445496825;object-fit:cover;width:342px\" srcset=\"https:\/\/www.ccta.ufpb.br\/lamusi\/wp-content\/uploads\/sites\/102\/sites\/426\/2026\/07\/Foto-Sofia-Ferreira_LabFoto_UFPB-@sofi_saant-54-683x1024.jpg 683w, https:\/\/www.ccta.ufpb.br\/lamusi\/wp-content\/uploads\/sites\/102\/sites\/426\/2026\/07\/Foto-Sofia-Ferreira_LabFoto_UFPB-@sofi_saant-54-200x300.jpg 200w, https:\/\/www.ccta.ufpb.br\/lamusi\/wp-content\/uploads\/sites\/102\/sites\/426\/2026\/07\/Foto-Sofia-Ferreira_LabFoto_UFPB-@sofi_saant-54-768x1152.jpg 768w, https:\/\/www.ccta.ufpb.br\/lamusi\/wp-content\/uploads\/sites\/102\/sites\/426\/2026\/07\/Foto-Sofia-Ferreira_LabFoto_UFPB-@sofi_saant-54-1024x1536.jpg 1024w, https:\/\/www.ccta.ufpb.br\/lamusi\/wp-content\/uploads\/sites\/102\/sites\/426\/2026\/07\/Foto-Sofia-Ferreira_LabFoto_UFPB-@sofi_saant-54-1365x2048.jpg 1365w, https:\/\/www.ccta.ufpb.br\/lamusi\/wp-content\/uploads\/sites\/102\/sites\/426\/2026\/07\/Foto-Sofia-Ferreira_LabFoto_UFPB-@sofi_saant-54-scaled.jpg 1707w\" sizes=\"auto, (max-width: 683px) 100vw, 683px\" \/><\/figure>\n<\/div>\n\n\n<p class=\"wp-block-paragraph\" style=\"font-size:20px\"><strong>Anne Katarinne\u00a0Leite de Souza Lucena<\/strong> \u00e9 natural de Jo\u00e3o Pessoa (PB), bacharel em M\u00fasica pela Universidade Federal da Para\u00edba (UFPB), com habilita\u00e7\u00e3o em Violino e Viola. Iniciou seus estudos aos sete anos com o professor Ademar Rocha e, posteriormente, foi aluna de Yerko Pinto por oito anos no curso de extens\u00e3o da UFPB. Concluiu a gradua\u00e7\u00e3o em Violino sob orienta\u00e7\u00e3o do Prof. Dr. Hermes Cuzzuol e a habilita\u00e7\u00e3o em Viola sob a supervis\u00e3o do Prof. Dr. Ulisses Silva, com quem tamb\u00e9m atuou como assistente por tr\u00eas semestres.<\/p>\n\n\n\n<p class=\"wp-block-paragraph\" style=\"font-size:20px\">Ao longo de sua forma\u00e7\u00e3o, consolidou expressiva experi\u00eancia orquestral. Atuou como spalla das Orquestras Infantil e Infantojuvenil da UFPB e foi chefe de naipe das violas em forma\u00e7\u00f5es como a Orquestra Sinf\u00f4nica Jovem da Para\u00edba, Orquestra de C\u00e2mara da Cidade de Jo\u00e3o Pessoa e Orquestra Sinf\u00f4nica de Sergipe, com a qual participou da grava\u00e7\u00e3o de um CD duplo dedicado \u00e0 obra de Heitor Villa-Lobos. <\/p>\n\n\n\n<p class=\"wp-block-paragraph\" style=\"font-size:20px\">Tamb\u00e9m integrou como assistente de naipe a Orquestra Sinf\u00f4nica Municipal de Jo\u00e3o Pessoa e a Orquestra Sinf\u00f4nica da Para\u00edba.<\/p>\n\n\n\n<p class=\"wp-block-paragraph\" style=\"font-size:20px\">Na m\u00fasica de c\u00e2mara, tem trajet\u00f3ria ativa desde a gradua\u00e7\u00e3o, atuando em quartetos de cordas, trios com piano e no Quinteto Uirapuru. Atualmente, integra o Marand\u00ea Trio, juntamente com Marcelo Vasconcelos e Deyse Firmino.&nbsp;<\/p>\n\n\n\n<p class=\"wp-block-paragraph\" style=\"font-size:20px\">Aperfei\u00e7oou-se em masterclasses com artistas de destaque como Kate Hamilton, Hor\u00e1cio Schaefer, Juan Lucas Aisemberg, Stella Ortiz e Renato Bandel. Desde 2013 integra a\u00a0\u00a0OSUFPB, tendo atuado como chefe do naipe das violas at\u00e9 abril de 2026.<\/p>\n\n\n\n<p class=\"wp-block-paragraph\"><\/p>\n","protected":false},"excerpt":{"rendered":"<p>Anne Katarinne\u00a0Leite de Souza Lucena \u00e9 natural de Jo\u00e3o Pessoa (PB), bacharel em M\u00fasica pela [&hellip;]<\/p>\n","protected":false},"author":494,"featured_media":0,"parent":0,"menu_order":0,"comment_status":"closed","ping_status":"closed","template":"","meta":{"footnotes":""},"class_list":["post-1086","page","type-page","status-publish","hentry"],"_links":{"self":[{"href":"https:\/\/www.ccta.ufpb.br\/lamusi\/wp-json\/wp\/v2\/pages\/1086","targetHints":{"allow":["GET"]}}],"collection":[{"href":"https:\/\/www.ccta.ufpb.br\/lamusi\/wp-json\/wp\/v2\/pages"}],"about":[{"href":"https:\/\/www.ccta.ufpb.br\/lamusi\/wp-json\/wp\/v2\/types\/page"}],"author":[{"embeddable":true,"href":"https:\/\/www.ccta.ufpb.br\/lamusi\/wp-json\/wp\/v2\/users\/494"}],"replies":[{"embeddable":true,"href":"https:\/\/www.ccta.ufpb.br\/lamusi\/wp-json\/wp\/v2\/comments?post=1086"}],"version-history":[{"count":3,"href":"https:\/\/www.ccta.ufpb.br\/lamusi\/wp-json\/wp\/v2\/pages\/1086\/revisions"}],"predecessor-version":[{"id":1099,"href":"https:\/\/www.ccta.ufpb.br\/lamusi\/wp-json\/wp\/v2\/pages\/1086\/revisions\/1099"}],"wp:attachment":[{"href":"https:\/\/www.ccta.ufpb.br\/lamusi\/wp-json\/wp\/v2\/media?parent=1086"}],"curies":[{"name":"wp","href":"https:\/\/api.w.org\/{rel}","templated":true}]}}