{"id":1093,"date":"2026-07-14T10:55:37","date_gmt":"2026-07-14T13:55:37","guid":{"rendered":"https:\/\/www.ccta.ufpb.br\/lamusi\/?page_id=1093"},"modified":"2026-07-14T11:12:39","modified_gmt":"2026-07-14T14:12:39","slug":"tom-drummond","status":"publish","type":"page","link":"https:\/\/www.ccta.ufpb.br\/lamusi\/tom-drummond\/","title":{"rendered":"Tom Drummond"},"content":{"rendered":"<div class=\"wp-block-image\">\n<figure class=\"alignleft size-large is-resized\"><img loading=\"lazy\" decoding=\"async\" width=\"661\" height=\"1024\" src=\"https:\/\/www.ccta.ufpb.br\/lamusi\/wp-content\/uploads\/sites\/102\/sites\/426\/2026\/07\/Foto-Sofia-Ferreira_LabFoto_UFPB-@sofi_saant-9-661x1024.jpg\" alt=\"\" class=\"wp-image-1094\" style=\"width:342px\" srcset=\"https:\/\/www.ccta.ufpb.br\/lamusi\/wp-content\/uploads\/sites\/102\/sites\/426\/2026\/07\/Foto-Sofia-Ferreira_LabFoto_UFPB-@sofi_saant-9-661x1024.jpg 661w, https:\/\/www.ccta.ufpb.br\/lamusi\/wp-content\/uploads\/sites\/102\/sites\/426\/2026\/07\/Foto-Sofia-Ferreira_LabFoto_UFPB-@sofi_saant-9-194x300.jpg 194w, https:\/\/www.ccta.ufpb.br\/lamusi\/wp-content\/uploads\/sites\/102\/sites\/426\/2026\/07\/Foto-Sofia-Ferreira_LabFoto_UFPB-@sofi_saant-9-768x1189.jpg 768w, https:\/\/www.ccta.ufpb.br\/lamusi\/wp-content\/uploads\/sites\/102\/sites\/426\/2026\/07\/Foto-Sofia-Ferreira_LabFoto_UFPB-@sofi_saant-9-992x1536.jpg 992w, https:\/\/www.ccta.ufpb.br\/lamusi\/wp-content\/uploads\/sites\/102\/sites\/426\/2026\/07\/Foto-Sofia-Ferreira_LabFoto_UFPB-@sofi_saant-9-1323x2048.jpg 1323w, https:\/\/www.ccta.ufpb.br\/lamusi\/wp-content\/uploads\/sites\/102\/sites\/426\/2026\/07\/Foto-Sofia-Ferreira_LabFoto_UFPB-@sofi_saant-9-scaled.jpg 1653w\" sizes=\"auto, (max-width: 661px) 100vw, 661px\" \/><\/figure>\n<\/div>\n\n\n<p class=\"wp-block-paragraph\" style=\"font-size:20px\"><strong>Ant\u00f4nio Luiz Drummond Miranda<\/strong> \u00e9 cantor, compositor e violoncelista. Desenvolve seu trabalho transitando entre o popular e o erudito. Tem dois bacharelados, um em composi\u00e7\u00e3o e outro em violoncelo, uma p\u00f3s-gradua\u00e7\u00e3o em Pr\u00e1ticas interpretativas do S\u00e9culo XX e XXI pela UFRN e \u00e9 mestre em composi\u00e7\u00e3o pela UFPB.<\/p>\n\n\n\n<p class=\"wp-block-paragraph\" style=\"font-size:20px\">Iniciou seus estudos no conservat\u00f3rio Alberto Nepomuceno sob a tutela da professora Elvira Drummond passando por v\u00e1rios instrumentos como flauta, piano e viol\u00e3o. Em sua carreira na m\u00fasica popular possui 6 \u00e1lbuns gravados e j\u00e1 foi premiado em festivais na Para\u00edba com o segundo lugar no 1\u00ba festival de m\u00fasica da Para\u00edba e no Cear\u00e1 com o 1\u00ba lugar no festival de m\u00fasica da R\u00e1dio universit\u00e1ria Fm, com o 2\u00ba lugar no festival de m\u00fasica da assembleia, 2\u00ba lugar no 1\u00ba festival de m\u00fasica da Para\u00edba, 3\u00ba lugar no 4\u00ba festival de m\u00fasica da Para\u00edba, 1\u00ba festival da m\u00fasica de Fortaleza e foi premiado no VII festival Internacional Iberm\u00fasicas, al\u00e9m de ter trabalhado com expoentes da m\u00fasica popular brasileira como Nilo Romero, Sacha Amback, Marcos Suzano, Jacques Morelembaum em sua trajet\u00f3ria composicional. Atualmente atua como&nbsp;&nbsp;professor da orquestra infantil do Estado da Para\u00edba e \u00e9 violoncelista da OSUFPB, fazendo parte de seu corpo orquestral desde a funda\u00e7\u00e3o da orquestra em 2013.<\/p>\n","protected":false},"excerpt":{"rendered":"<p>Ant\u00f4nio Luiz Drummond Miranda \u00e9 cantor, compositor e violoncelista. Desenvolve seu trabalho transitando entre o [&hellip;]<\/p>\n","protected":false},"author":494,"featured_media":0,"parent":0,"menu_order":0,"comment_status":"closed","ping_status":"closed","template":"","meta":{"footnotes":""},"class_list":["post-1093","page","type-page","status-publish","hentry"],"_links":{"self":[{"href":"https:\/\/www.ccta.ufpb.br\/lamusi\/wp-json\/wp\/v2\/pages\/1093","targetHints":{"allow":["GET"]}}],"collection":[{"href":"https:\/\/www.ccta.ufpb.br\/lamusi\/wp-json\/wp\/v2\/pages"}],"about":[{"href":"https:\/\/www.ccta.ufpb.br\/lamusi\/wp-json\/wp\/v2\/types\/page"}],"author":[{"embeddable":true,"href":"https:\/\/www.ccta.ufpb.br\/lamusi\/wp-json\/wp\/v2\/users\/494"}],"replies":[{"embeddable":true,"href":"https:\/\/www.ccta.ufpb.br\/lamusi\/wp-json\/wp\/v2\/comments?post=1093"}],"version-history":[{"count":3,"href":"https:\/\/www.ccta.ufpb.br\/lamusi\/wp-json\/wp\/v2\/pages\/1093\/revisions"}],"predecessor-version":[{"id":1100,"href":"https:\/\/www.ccta.ufpb.br\/lamusi\/wp-json\/wp\/v2\/pages\/1093\/revisions\/1100"}],"wp:attachment":[{"href":"https:\/\/www.ccta.ufpb.br\/lamusi\/wp-json\/wp\/v2\/media?parent=1093"}],"curies":[{"name":"wp","href":"https:\/\/api.w.org\/{rel}","templated":true}]}}