{"id":1154,"date":"2026-07-14T12:35:59","date_gmt":"2026-07-14T15:35:59","guid":{"rendered":"https:\/\/www.ccta.ufpb.br\/lamusi\/?page_id=1154"},"modified":"2026-07-30T10:20:32","modified_gmt":"2026-07-30T13:20:32","slug":"juliana-couto","status":"publish","type":"page","link":"https:\/\/www.ccta.ufpb.br\/lamusi\/juliana-couto\/","title":{"rendered":"Juliana Couto"},"content":{"rendered":"<div class=\"wp-block-image\">\n<figure class=\"alignleft size-large is-resized\"><img loading=\"lazy\" decoding=\"async\" width=\"697\" height=\"1024\" src=\"https:\/\/www.ccta.ufpb.br\/lamusi\/wp-content\/uploads\/sites\/102\/sites\/426\/2026\/07\/Vazio-9-697x1024.jpg\" alt=\"\" class=\"wp-image-1156\" style=\"width:342px\" srcset=\"https:\/\/www.ccta.ufpb.br\/lamusi\/wp-content\/uploads\/sites\/102\/sites\/426\/2026\/07\/Vazio-9-697x1024.jpg 697w, https:\/\/www.ccta.ufpb.br\/lamusi\/wp-content\/uploads\/sites\/102\/sites\/426\/2026\/07\/Vazio-9-204x300.jpg 204w, https:\/\/www.ccta.ufpb.br\/lamusi\/wp-content\/uploads\/sites\/102\/sites\/426\/2026\/07\/Vazio-9-768x1128.jpg 768w, https:\/\/www.ccta.ufpb.br\/lamusi\/wp-content\/uploads\/sites\/102\/sites\/426\/2026\/07\/Vazio-9-1046x1536.jpg 1046w, https:\/\/www.ccta.ufpb.br\/lamusi\/wp-content\/uploads\/sites\/102\/sites\/426\/2026\/07\/Vazio-9-1394x2048.jpg 1394w, https:\/\/www.ccta.ufpb.br\/lamusi\/wp-content\/uploads\/sites\/102\/sites\/426\/2026\/07\/Vazio-9-scaled.jpg 1743w\" sizes=\"auto, (max-width: 697px) 100vw, 697px\" \/><\/figure>\n<\/div>\n\n\n<p class=\"wp-block-paragraph\" style=\"font-size:20px\"><strong>Juliana Santos Rezende de Ara\u00fajo Couto<\/strong> \u00e9 natural de Jo\u00e3o Pessoa, Para\u00edba. Iniciou seus estudos musicais aos sete anos de idade. Aos nove anos, escolheu o violino como instrumento principal, ingressando no Curso de Extens\u00e3o da Universidade Federal da Para\u00edba (UFPB), onde estudou com as professoras Annie Fa\u00e7anha e Lara Venusta.<\/p>\n\n\n\n<p class=\"wp-block-paragraph\" style=\"font-size:20px\">\u00c9 bacharela em M\u00fasica, com habilita\u00e7\u00e3o em Violino, pela Universidade Federal da Para\u00edba (UFPB), concluindo sua gradua\u00e7\u00e3o em 2012 sob a orienta\u00e7\u00e3o da professora Sandra Aquino. Possui especializa\u00e7\u00e3o em Educa\u00e7\u00e3o Musical pela UCAM Prominas e \u00e9 Mestre em M\u00fasica pela UFPB, t\u00edtulo obtido em 2023, na \u00e1rea de Pr\u00e1ticas Interpretativas, sob orienta\u00e7\u00e3o da professora Dra. Paula Bujes.<\/p>\n\n\n\n<p class=\"wp-block-paragraph\" style=\"font-size:20px\">Ao longo de sua forma\u00e7\u00e3o art\u00edstica, participou de importantes festivais nacionais e internacionais de aperfei\u00e7oamento, entre eles o Festival Internacional de Inverno de Bras\u00edlia (FIB), o Curso Internacional de Ver\u00e3o do CEP (CIVEBRA) e o Movimento Internacional de M\u00fasica de Uberl\u00e2ndia (MIMU). Nessas oportunidades, realizou masterclasses com renomados violinistas, como Guillaume Tardif (Canad\u00e1), Enio Antunes (Brasil), Evguenia Popova (Bulg\u00e1ria), Alessandro Borgomanero (It\u00e1lia), Sasha Mandl (Brasil), Charles Stegeman (Estados Unidos), Ole B\u00f8hn (Noruega) e Marcello Guechfeld (Brasil), ampliando sua forma\u00e7\u00e3o t\u00e9cnica e interpretativa por meio do contato com diferentes escolas e tradi\u00e7\u00f5es violin\u00edsticas. Al\u00e9m disso, integrou importantes grupos orquestrais, entre eles a Orquestra Infanto-Juvenil da Universidade Federal da Para\u00edba, a Orquestra Sinf\u00f4nica Jovem da Para\u00edba, Orquestra de C\u00e2mara da Cidade de Jo\u00e3o Pessoa e Orquestra Sinf\u00f4nica da Para\u00edba, experi\u00eancias que contribu\u00edram significativamente para sua consolida\u00e7\u00e3o como violinista de orquestra e musicista profissional.<\/p>\n\n\n\n<p class=\"wp-block-paragraph\" style=\"font-size:20px\">Atualmente, Juliana integra o corpo efetivo da Orquestra Sinf\u00f4nica da Universidade Federal da Para\u00edba (OSUFPB) desde a sua funda\u00e7\u00e3o em 2013, atuando como violinista, al\u00e9m de exercer a fun\u00e7\u00e3o de professora de violino na Escola Estadual de M\u00fasica Anthenor Navarro (EEMAN), onde desenvolve atividades voltadas \u00e0 forma\u00e7\u00e3o de novos instrumentistas e ao incentivo da pr\u00e1tica musical.<\/p>\n\n\n\n<p class=\"wp-block-paragraph\"><\/p>\n","protected":false},"excerpt":{"rendered":"<p>Juliana Santos Rezende de Ara\u00fajo Couto \u00e9 natural de Jo\u00e3o Pessoa, Para\u00edba. Iniciou seus estudos [&hellip;]<\/p>\n","protected":false},"author":494,"featured_media":0,"parent":0,"menu_order":0,"comment_status":"closed","ping_status":"closed","template":"","meta":{"footnotes":""},"class_list":["post-1154","page","type-page","status-publish","hentry"],"_links":{"self":[{"href":"https:\/\/www.ccta.ufpb.br\/lamusi\/wp-json\/wp\/v2\/pages\/1154","targetHints":{"allow":["GET"]}}],"collection":[{"href":"https:\/\/www.ccta.ufpb.br\/lamusi\/wp-json\/wp\/v2\/pages"}],"about":[{"href":"https:\/\/www.ccta.ufpb.br\/lamusi\/wp-json\/wp\/v2\/types\/page"}],"author":[{"embeddable":true,"href":"https:\/\/www.ccta.ufpb.br\/lamusi\/wp-json\/wp\/v2\/users\/494"}],"replies":[{"embeddable":true,"href":"https:\/\/www.ccta.ufpb.br\/lamusi\/wp-json\/wp\/v2\/comments?post=1154"}],"version-history":[{"count":5,"href":"https:\/\/www.ccta.ufpb.br\/lamusi\/wp-json\/wp\/v2\/pages\/1154\/revisions"}],"predecessor-version":[{"id":1276,"href":"https:\/\/www.ccta.ufpb.br\/lamusi\/wp-json\/wp\/v2\/pages\/1154\/revisions\/1276"}],"wp:attachment":[{"href":"https:\/\/www.ccta.ufpb.br\/lamusi\/wp-json\/wp\/v2\/media?parent=1154"}],"curies":[{"name":"wp","href":"https:\/\/api.w.org\/{rel}","templated":true}]}}