{"id":1167,"date":"2026-07-14T12:41:30","date_gmt":"2026-07-14T15:41:30","guid":{"rendered":"https:\/\/www.ccta.ufpb.br\/lamusi\/?page_id=1167"},"modified":"2026-07-29T11:42:31","modified_gmt":"2026-07-29T14:42:31","slug":"luiz-carlos-junior","status":"publish","type":"page","link":"https:\/\/www.ccta.ufpb.br\/lamusi\/luiz-carlos-junior\/","title":{"rendered":"Luiz Carlos Junior"},"content":{"rendered":"<div class=\"wp-block-image\">\n<figure class=\"alignleft size-large is-resized\"><img loading=\"lazy\" decoding=\"async\" width=\"683\" height=\"1024\" src=\"https:\/\/www.ccta.ufpb.br\/lamusi\/wp-content\/uploads\/sites\/102\/sites\/426\/2026\/07\/Foto-Sofia-Ferreira_LabFoto_UFPB-@sofi_saant-4-683x1024.jpg\" alt=\"\" class=\"wp-image-1168\" style=\"width:342px\" srcset=\"https:\/\/www.ccta.ufpb.br\/lamusi\/wp-content\/uploads\/sites\/102\/sites\/426\/2026\/07\/Foto-Sofia-Ferreira_LabFoto_UFPB-@sofi_saant-4-683x1024.jpg 683w, https:\/\/www.ccta.ufpb.br\/lamusi\/wp-content\/uploads\/sites\/102\/sites\/426\/2026\/07\/Foto-Sofia-Ferreira_LabFoto_UFPB-@sofi_saant-4-200x300.jpg 200w, https:\/\/www.ccta.ufpb.br\/lamusi\/wp-content\/uploads\/sites\/102\/sites\/426\/2026\/07\/Foto-Sofia-Ferreira_LabFoto_UFPB-@sofi_saant-4-768x1152.jpg 768w, https:\/\/www.ccta.ufpb.br\/lamusi\/wp-content\/uploads\/sites\/102\/sites\/426\/2026\/07\/Foto-Sofia-Ferreira_LabFoto_UFPB-@sofi_saant-4-1024x1536.jpg 1024w, https:\/\/www.ccta.ufpb.br\/lamusi\/wp-content\/uploads\/sites\/102\/sites\/426\/2026\/07\/Foto-Sofia-Ferreira_LabFoto_UFPB-@sofi_saant-4-1365x2048.jpg 1365w, https:\/\/www.ccta.ufpb.br\/lamusi\/wp-content\/uploads\/sites\/102\/sites\/426\/2026\/07\/Foto-Sofia-Ferreira_LabFoto_UFPB-@sofi_saant-4-scaled.jpg 1707w\" sizes=\"auto, (max-width: 683px) 100vw, 683px\" \/><\/figure>\n<\/div>\n\n\n<p class=\"wp-block-paragraph\" style=\"font-size:20px\"><strong>Luiz Carlos da Silva Junior<\/strong>: excel\u00eancia e trajet\u00f3ria na m\u00fasica de concerto.<br>Natural de Jaboat\u00e3o dos Guararapes, PE, Luiz Carlos \u00e9 violista, professor e m\u00fasico se destacada atua\u00e7\u00e3o no cen\u00e1rio brasileiro. Bacharel em Viola pela Universidade Federal da Para\u00edba<br>(UFPB), possui especializa\u00e7\u00e3o em Educa\u00e7\u00e3o Musical e, ao longo de sua forma\u00e7\u00e3o, recebeu orienta\u00e7\u00e3o de importantes professores, entre eles Samuel Spinoza, George Kiszely, Miguel Pimenta, Guilhermo Campos e Bruno Giuranna.<br>Sua trajet\u00f3ria inclui participa\u00e7\u00f5es em renomados festivais internacionais de m\u00fasica realizados em Bras\u00edlia, Campos do Jord\u00e3o, Londrina, Para\u00edba e Bel\u00e9m do Par\u00e1, al\u00e9m de diversas edi\u00e7\u00f5es do Festival Virtuosi, em Pernambuco. Integrou as orquestras sinf\u00f4nicas de Campinas\/SP, Recife\/PE e Salvador\/BA, consolidando uma carreira marcada pela versatilidade e pela excel\u00eancia art\u00edstica.<br>Foi membro fundador do Quinteto de Cordas Uirapuru e da Orquestra Filarm\u00f4nica Norte-Nordeste. Com a Orquestra de C\u00e2mara de Curitiba, participou de uma turn\u00ea por v\u00e1rias capitais brasileiras ao lado do consagrado multi-instrumentista e compositor Egberto Gismonti.<br>Ao longo de sua carreira, acompanhou solistas de reconhecimento internacional, como o violoncelista Antonio Meneses, e grandes nomes da m\u00fasica l\u00edrica mundial, entre eles Aprile Millo, Pl\u00e1cido Domingo e Jos\u00e9 Carreras.<br>Sua experi\u00eancia em est\u00fadio abrange grava\u00e7\u00f5es de CDs e DVDs dedicados a importantes compositores e int\u00e9rpretes da m\u00fasica erudita e popular. Entre os trabalhos dos quais participou est\u00e3o Concertos para Piano de Villa-Lobos, 100 Anos de Frevo, Master e Winner 88, Capiba 90 Anos, Eli-Eri Moura: Circumsonantes e M\u00fasica para Cordas. Tamb\u00e9m colaborou em projetos com artistas como Sivuca, Fam\u00edlia Caymmi, Z\u00e9 Ramalho, Ivan Lins, Guilherme Arantes, Nan\u00e1 Vasconcelos, Dominguinhos, Nelson Ayres, Milton Nascimento, Gal Costa, Chico Buarque, Alcione, Chico Cesar e Ney Matogrosso.<br>Na \u00e1rea acad\u00eamica, atuou como professor substituto de Viola nos cursos de Bacharelado e<br>Licenciatura em M\u00fasica da UFPB, contribuindo para a forma\u00e7\u00e3o de novos instrumentistas e<br>educadores musicais.<br>Atualmente, \u00e9 violista principal da Orquestra Sinf\u00f4nica da Para\u00edba e m\u00fasico efetivo da Orquestra Sinf\u00f4nica da Universidade Federal da Para\u00edba mantendo uma atua\u00e7\u00e3o que re\u00fane performance, experi\u00eancia pedag\u00f3gica e relevante contribui\u00e7\u00e3o para a m\u00fasica de concerto brasileira.<\/p>\n","protected":false},"excerpt":{"rendered":"<p>Luiz Carlos da Silva Junior: excel\u00eancia e trajet\u00f3ria na m\u00fasica de concerto.Natural de Jaboat\u00e3o dos [&hellip;]<\/p>\n","protected":false},"author":494,"featured_media":0,"parent":0,"menu_order":0,"comment_status":"closed","ping_status":"closed","template":"","meta":{"footnotes":""},"class_list":["post-1167","page","type-page","status-publish","hentry"],"_links":{"self":[{"href":"https:\/\/www.ccta.ufpb.br\/lamusi\/wp-json\/wp\/v2\/pages\/1167","targetHints":{"allow":["GET"]}}],"collection":[{"href":"https:\/\/www.ccta.ufpb.br\/lamusi\/wp-json\/wp\/v2\/pages"}],"about":[{"href":"https:\/\/www.ccta.ufpb.br\/lamusi\/wp-json\/wp\/v2\/types\/page"}],"author":[{"embeddable":true,"href":"https:\/\/www.ccta.ufpb.br\/lamusi\/wp-json\/wp\/v2\/users\/494"}],"replies":[{"embeddable":true,"href":"https:\/\/www.ccta.ufpb.br\/lamusi\/wp-json\/wp\/v2\/comments?post=1167"}],"version-history":[{"count":3,"href":"https:\/\/www.ccta.ufpb.br\/lamusi\/wp-json\/wp\/v2\/pages\/1167\/revisions"}],"predecessor-version":[{"id":1271,"href":"https:\/\/www.ccta.ufpb.br\/lamusi\/wp-json\/wp\/v2\/pages\/1167\/revisions\/1271"}],"wp:attachment":[{"href":"https:\/\/www.ccta.ufpb.br\/lamusi\/wp-json\/wp\/v2\/media?parent=1167"}],"curies":[{"name":"wp","href":"https:\/\/api.w.org\/{rel}","templated":true}]}}