{"id":1184,"date":"2026-07-14T12:48:48","date_gmt":"2026-07-14T15:48:48","guid":{"rendered":"https:\/\/www.ccta.ufpb.br\/lamusi\/?page_id=1184"},"modified":"2026-07-29T09:00:36","modified_gmt":"2026-07-29T12:00:36","slug":"lucas-almeida","status":"publish","type":"page","link":"https:\/\/www.ccta.ufpb.br\/lamusi\/lucas-almeida\/","title":{"rendered":"Lucas Almeida"},"content":{"rendered":"<div class=\"wp-block-image\">\n<figure class=\"alignleft size-large is-resized\"><img loading=\"lazy\" decoding=\"async\" width=\"683\" height=\"1024\" src=\"https:\/\/www.ccta.ufpb.br\/lamusi\/wp-content\/uploads\/sites\/102\/sites\/426\/2026\/07\/Foto-Sofia-Ferreira_LabFoto_UFPB-@sofi_saant-21-683x1024.jpg\" alt=\"\" class=\"wp-image-1185\" style=\"width:342px\" srcset=\"https:\/\/www.ccta.ufpb.br\/lamusi\/wp-content\/uploads\/sites\/102\/sites\/426\/2026\/07\/Foto-Sofia-Ferreira_LabFoto_UFPB-@sofi_saant-21-683x1024.jpg 683w, https:\/\/www.ccta.ufpb.br\/lamusi\/wp-content\/uploads\/sites\/102\/sites\/426\/2026\/07\/Foto-Sofia-Ferreira_LabFoto_UFPB-@sofi_saant-21-200x300.jpg 200w, https:\/\/www.ccta.ufpb.br\/lamusi\/wp-content\/uploads\/sites\/102\/sites\/426\/2026\/07\/Foto-Sofia-Ferreira_LabFoto_UFPB-@sofi_saant-21-768x1152.jpg 768w, https:\/\/www.ccta.ufpb.br\/lamusi\/wp-content\/uploads\/sites\/102\/sites\/426\/2026\/07\/Foto-Sofia-Ferreira_LabFoto_UFPB-@sofi_saant-21-1024x1536.jpg 1024w, https:\/\/www.ccta.ufpb.br\/lamusi\/wp-content\/uploads\/sites\/102\/sites\/426\/2026\/07\/Foto-Sofia-Ferreira_LabFoto_UFPB-@sofi_saant-21-1365x2048.jpg 1365w, https:\/\/www.ccta.ufpb.br\/lamusi\/wp-content\/uploads\/sites\/102\/sites\/426\/2026\/07\/Foto-Sofia-Ferreira_LabFoto_UFPB-@sofi_saant-21-scaled.jpg 1707w\" sizes=\"auto, (max-width: 683px) 100vw, 683px\" \/><\/figure>\n<\/div>\n\n\n<p class=\"wp-block-paragraph\" style=\"font-size:20px\"><strong>Lucas Fonseca Almeida de Freitas<\/strong>. Nascido na cidade do Recife, j\u00e1 trabalhou em diversos projetos musicais como violoncelista e violonista pelo Brasil. Formado pela Universidade Federal de Pernambuco, foi tamb\u00e9m professor de violoncelo do Conservat\u00f3rio Pernambucano de M\u00fasica. No Recife, atuou como violoncelista em grupos como a Orquestra Sinf\u00f4nica Jovem do Conservat\u00f3rio Pernambucano e da Orquestra de C\u00e2mara da UFPE. Atualmente \u00e9 membro da Orquestra Sinf\u00f4nica da Universidade Federal da Para\u00edba (OSUFPB). \u00c9 Tamb\u00e9m compositor e desde 2012 desenvolve um trabalho autoral intitulado \u201cSert\u00e3o Ib\u00e9rico\u201d, que atrav\u00e9s do viol\u00e3o flamenco e do violoncelo traz em suas composi\u00e7\u00f5es elementos, timbres e sonoridades da m\u00fasica Armorial e da m\u00fasica Flamenca, unindo dois universos culturais t\u00e3o distintos e ao mesmo tempo t\u00e3o semelhantes em suas ra\u00edzes. Suas composi\u00e7\u00f5es j\u00e1 foram premiadas em diversos festivais e mostras de m\u00fasica pelo Brasil, dentre eles destacam-se a VI Mostra de M\u00fasica Le\u00e3o do Norte, promovido pelo SESC Pernambuco em Petrolina (2014), o Festival de M\u00fasica Cidade Can\u00e7\u00e3o (FEMUCIC) na cidade de Maring\u00e1 (2015; 2016) realizado pelo SESC Paran\u00e1, o projeto Acordes para o Museu, realizado pelo Instituto Ricardo Brennand na cidade do Recife (2015), dentre outros.<\/p>\n","protected":false},"excerpt":{"rendered":"<p>Lucas Fonseca Almeida de Freitas. Nascido na cidade do Recife, j\u00e1 trabalhou em diversos projetos [&hellip;]<\/p>\n","protected":false},"author":494,"featured_media":0,"parent":0,"menu_order":0,"comment_status":"closed","ping_status":"closed","template":"","meta":{"footnotes":""},"class_list":["post-1184","page","type-page","status-publish","hentry"],"_links":{"self":[{"href":"https:\/\/www.ccta.ufpb.br\/lamusi\/wp-json\/wp\/v2\/pages\/1184","targetHints":{"allow":["GET"]}}],"collection":[{"href":"https:\/\/www.ccta.ufpb.br\/lamusi\/wp-json\/wp\/v2\/pages"}],"about":[{"href":"https:\/\/www.ccta.ufpb.br\/lamusi\/wp-json\/wp\/v2\/types\/page"}],"author":[{"embeddable":true,"href":"https:\/\/www.ccta.ufpb.br\/lamusi\/wp-json\/wp\/v2\/users\/494"}],"replies":[{"embeddable":true,"href":"https:\/\/www.ccta.ufpb.br\/lamusi\/wp-json\/wp\/v2\/comments?post=1184"}],"version-history":[{"count":3,"href":"https:\/\/www.ccta.ufpb.br\/lamusi\/wp-json\/wp\/v2\/pages\/1184\/revisions"}],"predecessor-version":[{"id":1253,"href":"https:\/\/www.ccta.ufpb.br\/lamusi\/wp-json\/wp\/v2\/pages\/1184\/revisions\/1253"}],"wp:attachment":[{"href":"https:\/\/www.ccta.ufpb.br\/lamusi\/wp-json\/wp\/v2\/media?parent=1184"}],"curies":[{"name":"wp","href":"https:\/\/api.w.org\/{rel}","templated":true}]}}