{"id":24,"date":"2026-01-19T09:46:12","date_gmt":"2026-01-19T12:46:12","guid":{"rendered":"https:\/\/www.ccta.ufpb.br\/lamusi\/?page_id=24"},"modified":"2026-01-21T22:53:57","modified_gmt":"2026-01-22T01:53:57","slug":"quem-somos","status":"publish","type":"page","link":"https:\/\/www.ccta.ufpb.br\/lamusi\/quem-somos\/","title":{"rendered":"Quem somos?"},"content":{"rendered":"\n<p>O Laborat\u00f3rio de M\u00fasica Aplicada (LAMUSI) do Centro de Comunica\u00e7\u00e3o, Turismo e Artes (CCTA) da Universidade Federal da Para\u00edba (UFPB) foi inaugurado em 2012 e teve sua cria\u00e7\u00e3o oficializada em 2013, por meio da Portaria Interna N\u00ba 001\/CCTA\/DC, publicada no dia 31 de janeiro de 2013.<\/p>\n\n\n\n<p>&nbsp; &nbsp; &nbsp; &nbsp; &nbsp; &nbsp; &nbsp; &nbsp;Desde ent\u00e3o, o LAMUSI estabeleceu-se como um dos principais centros de fomento cultural da cidade de Jo\u00e3o Pessoa, oferecendo \u00e0 comunidade acad\u00eamica e \u00e0 popula\u00e7\u00e3o em geral uma intensa programa\u00e7\u00e3o resultante, sobretudo, da produ\u00e7\u00e3o dos Departamentos de M\u00fasica e de Educa\u00e7\u00e3o Musical e do Programa de P\u00f3s-Gradua\u00e7\u00e3o em M\u00fasica da UFPB, a partir de forma\u00e7\u00f5es instrumentais diversas, do erudito ao popular. Sua estrutura conta com a Sala de Concertos Radegundis Feitosa, sede que abriga a Orquestra Sinf\u00f4nica da Universidade Federal da Para\u00edba (OSUFPB), um dos mais importantes equipamentos culturais da cena cultural brasileira, considerando o seu n\u00edvel de excel\u00eancia e o seu papel pedag\u00f3gico na forma\u00e7\u00e3o de plateia para a express\u00e3o musical sinf\u00f4nica.<\/p>\n\n\n\n<p>&nbsp; &nbsp; &nbsp; &nbsp; &nbsp; &nbsp; &nbsp; &nbsp;Por se tratar de um equipamento cultural sediado em uma academia, possui tamb\u00e9m, como caracter\u00edstica, atividades voltadas para atender \u00e0s demandas oriundas da \u00e1rea de m\u00fasica no que se refere \u00e0s vertentes ensino, pesquisa e extens\u00e3o.&nbsp;<\/p>\n\n\n\n<p>&nbsp; &nbsp; &nbsp; &nbsp; &nbsp; &nbsp; &nbsp; &nbsp;Toda e qualquer atividade realizada na Sala de Concertos Radegundis Feitosa dever\u00e1 estar em conson\u00e2ncia com os prop\u00f3sitos pedag\u00f3gicos e art\u00edsticos do LAMUSI, que s\u00e3o:<\/p>\n\n\n\n<ol class=\"wp-block-list\">\n<li>contribuir para a pr\u00e1tica e forma\u00e7\u00e3o orquestral e camer\u00edstica dos alunos dos cursos de extens\u00e3o, seq\u00fcenciais, de gradua\u00e7\u00e3o e de p\u00f3s-gradua\u00e7\u00e3o ligados aos Departamentos de M\u00fasica e de Educa\u00e7\u00e3o Musical da UFPB, impulsionando e estimulando o aperfei\u00e7oamento t\u00e9cnico, bem como preservando os valores culturais;<\/li>\n\n\n\n<li>formar e educar plateia, por meio de concertos e desenvolvimento de projetos (art\u00edsticos e did\u00e1ticos) para a comunidade acad\u00eamica e para a comunidade em geral;<\/li>\n\n\n\n<li>realizar programas e projetos \u2013 incluindo grava\u00e7\u00f5es \u2013 para desenvolver e divulgar a m\u00fasica sinf\u00f4nica e camer\u00edstica, tanto tradicional quanto contempor\u00e2nea, tanto erudita quanto popular, especialmente a brasileira e a latino-americana, envolvendo a \u00e1rea de instrumento, al\u00e9m das \u00e1reas de canto, reg\u00eancia, composi\u00e7\u00e3o, educa\u00e7\u00e3o musical e musicologia;<\/li>\n\n\n\n<li>promover cursos, festivais, concursos, interc\u00e2mbios com outros \u00f3rg\u00e3os afins, nacionais e estrangeiros, especificamente na \u00e1rea de m\u00fasica;<\/li>\n\n\n\n<li>fomentar a produ\u00e7\u00e3o art\u00edstica dos docentes, discentes e t\u00e9cnicos administrativos que fazem parte da comunidade musical da UFPB.<\/li>\n<\/ol>\n","protected":false},"excerpt":{"rendered":"<p>O Laborat\u00f3rio de M\u00fasica Aplicada (LAMUSI) do Centro de Comunica\u00e7\u00e3o, Turismo e Artes (CCTA) da [&hellip;]<\/p>\n","protected":false},"author":47,"featured_media":0,"parent":0,"menu_order":0,"comment_status":"closed","ping_status":"closed","template":"","meta":{"footnotes":""},"class_list":["post-24","page","type-page","status-publish","hentry"],"_links":{"self":[{"href":"https:\/\/www.ccta.ufpb.br\/lamusi\/wp-json\/wp\/v2\/pages\/24","targetHints":{"allow":["GET"]}}],"collection":[{"href":"https:\/\/www.ccta.ufpb.br\/lamusi\/wp-json\/wp\/v2\/pages"}],"about":[{"href":"https:\/\/www.ccta.ufpb.br\/lamusi\/wp-json\/wp\/v2\/types\/page"}],"author":[{"embeddable":true,"href":"https:\/\/www.ccta.ufpb.br\/lamusi\/wp-json\/wp\/v2\/users\/47"}],"replies":[{"embeddable":true,"href":"https:\/\/www.ccta.ufpb.br\/lamusi\/wp-json\/wp\/v2\/comments?post=24"}],"version-history":[{"count":1,"href":"https:\/\/www.ccta.ufpb.br\/lamusi\/wp-json\/wp\/v2\/pages\/24\/revisions"}],"predecessor-version":[{"id":25,"href":"https:\/\/www.ccta.ufpb.br\/lamusi\/wp-json\/wp\/v2\/pages\/24\/revisions\/25"}],"wp:attachment":[{"href":"https:\/\/www.ccta.ufpb.br\/lamusi\/wp-json\/wp\/v2\/media?parent=24"}],"curies":[{"name":"wp","href":"https:\/\/api.w.org\/{rel}","templated":true}]}}