{"id":13,"date":"2025-06-02T19:42:28","date_gmt":"2025-06-02T22:42:28","guid":{"rendered":"https:\/\/www.ccta.ufpb.br\/lemi\/?page_id=13"},"modified":"2026-02-05T12:11:58","modified_gmt":"2026-02-05T15:11:58","slug":"musicalizacao-no-cap","status":"publish","type":"page","link":"https:\/\/www.ccta.ufpb.br\/lemi\/musicalizacao-no-cap\/","title":{"rendered":"Musicaliza\u00e7\u00e3o no CAp UFPB"},"content":{"rendered":"\n<p>O projeto <strong>&#8220;Musicaliza\u00e7\u00e3o Infantil no Col\u00e9gio de Aplica\u00e7\u00e3o &#8211; CAp-EBAS\/UFPB&#8221;<\/strong>, desenvolvido em parceria com o Laborat\u00f3rio de Educa\u00e7\u00e3o Musical Infantil (LEMI) e o N\u00facleo de Estudos em M\u00fasicas e Inf\u00e2ncias (NEMI), visa promover a musicaliza\u00e7\u00e3o de crian\u00e7as da Educa\u00e7\u00e3o Infantil no Col\u00e9gio de Aplica\u00e7\u00e3o da UFPB. <\/p>\n\n\n\n<p>Por meio de encontros semanais, com dura\u00e7\u00e3o m\u00e9dia de 45 minutos em cada turma, prop\u00f5e-se a realiza\u00e7\u00e3o de atividades direcionadas ao aprendizado musical, integrando canto, movimento, intera\u00e7\u00e3o e brincadeiras, estimulando o desenvolvimento cognitivo, motor, emocional e social das crian\u00e7as. Busca-se, tamb\u00e9m, promover a aproxima\u00e7\u00e3o dos discentes do curso de Licenciatura em M\u00fasica da UFPB com a pr\u00e1tica pedag\u00f3gica, oferecendo a eles, oportunidades de planejar, conduzir e avaliar experi\u00eancias de musicaliza\u00e7\u00e3o em um ambiente escolar real. <\/p>\n\n\n\n<figure class=\"wp-block-image size-large\"><img loading=\"lazy\" decoding=\"async\" width=\"1024\" height=\"576\" src=\"https:\/\/www.ccta.ufpb.br\/lemi\/wp-content\/uploads\/sites\/102\/sites\/312\/2026\/02\/LEMI-POSTs-Miniatura-do-YouTube-2-1024x576.png\" alt=\"\" class=\"wp-image-140\" srcset=\"https:\/\/www.ccta.ufpb.br\/lemi\/wp-content\/uploads\/sites\/102\/sites\/312\/2026\/02\/LEMI-POSTs-Miniatura-do-YouTube-2-1024x576.png 1024w, https:\/\/www.ccta.ufpb.br\/lemi\/wp-content\/uploads\/sites\/102\/sites\/312\/2026\/02\/LEMI-POSTs-Miniatura-do-YouTube-2-300x169.png 300w, https:\/\/www.ccta.ufpb.br\/lemi\/wp-content\/uploads\/sites\/102\/sites\/312\/2026\/02\/LEMI-POSTs-Miniatura-do-YouTube-2-768x432.png 768w, https:\/\/www.ccta.ufpb.br\/lemi\/wp-content\/uploads\/sites\/102\/sites\/312\/2026\/02\/LEMI-POSTs-Miniatura-do-YouTube-2.png 1280w\" sizes=\"auto, (max-width: 1024px) 100vw, 1024px\" \/><\/figure>\n\n\n\n<p>Al\u00e9m de beneficiar as crian\u00e7as e suas fam\u00edlias, o projeto proporciona aos estudantes de licenciatura uma oportunidade de vivenciar pr\u00e1ticas pedag\u00f3gicas reais, permitindo que desenvolvam os conhecimentos te\u00f3ricos e metodol\u00f3gicos adquiridos em sala de aula em um contexto pr\u00e1tico. <\/p>\n\n\n\n<figure class=\"wp-block-image size-large\"><img loading=\"lazy\" decoding=\"async\" width=\"1024\" height=\"576\" src=\"https:\/\/www.ccta.ufpb.br\/lemi\/wp-content\/uploads\/sites\/102\/sites\/312\/2026\/02\/LEMI-POSTs-Miniatura-do-YouTube-1-1024x576.png\" alt=\"\" class=\"wp-image-133\" srcset=\"https:\/\/www.ccta.ufpb.br\/lemi\/wp-content\/uploads\/sites\/102\/sites\/312\/2026\/02\/LEMI-POSTs-Miniatura-do-YouTube-1-1024x576.png 1024w, https:\/\/www.ccta.ufpb.br\/lemi\/wp-content\/uploads\/sites\/102\/sites\/312\/2026\/02\/LEMI-POSTs-Miniatura-do-YouTube-1-300x169.png 300w, https:\/\/www.ccta.ufpb.br\/lemi\/wp-content\/uploads\/sites\/102\/sites\/312\/2026\/02\/LEMI-POSTs-Miniatura-do-YouTube-1-768x432.png 768w, https:\/\/www.ccta.ufpb.br\/lemi\/wp-content\/uploads\/sites\/102\/sites\/312\/2026\/02\/LEMI-POSTs-Miniatura-do-YouTube-1.png 1280w\" sizes=\"auto, (max-width: 1024px) 100vw, 1024px\" \/><\/figure>\n\n\n\n<p>As experi\u00eancias vivenciadas com as crian\u00e7as passar\u00e3o por processos de reflex\u00e3o e aprimoramento durante reuni\u00f5es semanais, e os resultados poder\u00e3o ser compartilhados em artigos e congressos da \u00e1rea, contribuindo para o fortalecimento dos eixos ensino, pesquisa e extens\u00e3o universit\u00e1ria. Os resultados incluem a amplia\u00e7\u00e3o do repert\u00f3rio cultural das crian\u00e7as, fomento ao seu desenvolvimento global e o fortalecimento da pr\u00e1tica pedag\u00f3gica dos discentes envolvidos.<\/p>\n\n\n\n<figure class=\"wp-block-embed aligncenter is-type-video is-provider-youtube wp-block-embed-youtube wp-embed-aspect-16-9 wp-has-aspect-ratio\"><div class=\"wp-block-embed__wrapper\">\n<iframe loading=\"lazy\" title=\"Musicalizac\u0327a\u0303o Infantil CAp EEBAS UFPB   Mu\u0301sicas Para Festa Junina Com Copos\" width=\"500\" height=\"281\" src=\"https:\/\/www.youtube.com\/embed\/DdJ2kpNMWGs?feature=oembed\" frameborder=\"0\" allow=\"accelerometer; autoplay; clipboard-write; encrypted-media; gyroscope; picture-in-picture; web-share\" referrerpolicy=\"strict-origin-when-cross-origin\" allowfullscreen><\/iframe>\n<\/div><\/figure>\n\n\n\n<p>Logo abaixo, \u00e9 poss\u00edvel apreciar um pouco do que foi desenvolvido em 2025.<\/p>\n\n\n\n<figure class=\"wp-block-image size-large\"><img loading=\"lazy\" decoding=\"async\" width=\"768\" height=\"1024\" src=\"https:\/\/www.ccta.ufpb.br\/lemi\/wp-content\/uploads\/sites\/102\/sites\/312\/2026\/02\/BANNER-ENEX-2025-768x1024.png\" alt=\"\" class=\"wp-image-155\" srcset=\"https:\/\/www.ccta.ufpb.br\/lemi\/wp-content\/uploads\/sites\/102\/sites\/312\/2026\/02\/BANNER-ENEX-2025-768x1024.png 768w, https:\/\/www.ccta.ufpb.br\/lemi\/wp-content\/uploads\/sites\/102\/sites\/312\/2026\/02\/BANNER-ENEX-2025-225x300.png 225w, https:\/\/www.ccta.ufpb.br\/lemi\/wp-content\/uploads\/sites\/102\/sites\/312\/2026\/02\/BANNER-ENEX-2025-1152x1536.png 1152w, https:\/\/www.ccta.ufpb.br\/lemi\/wp-content\/uploads\/sites\/102\/sites\/312\/2026\/02\/BANNER-ENEX-2025-1536x2048.png 1536w, https:\/\/www.ccta.ufpb.br\/lemi\/wp-content\/uploads\/sites\/102\/sites\/312\/2026\/02\/BANNER-ENEX-2025-scaled.png 1920w\" sizes=\"auto, (max-width: 768px) 100vw, 768px\" \/><\/figure>\n","protected":false},"excerpt":{"rendered":"<p>O projeto &#8220;Musicaliza\u00e7\u00e3o Infantil no Col\u00e9gio de Aplica\u00e7\u00e3o &#8211; CAp-EBAS\/UFPB&#8221;, desenvolvido em parceria com o [&hellip;]<\/p>\n","protected":false},"author":47,"featured_media":0,"parent":0,"menu_order":0,"comment_status":"closed","ping_status":"closed","template":"","meta":{"footnotes":""},"class_list":["post-13","page","type-page","status-publish","hentry"],"_links":{"self":[{"href":"https:\/\/www.ccta.ufpb.br\/lemi\/wp-json\/wp\/v2\/pages\/13","targetHints":{"allow":["GET"]}}],"collection":[{"href":"https:\/\/www.ccta.ufpb.br\/lemi\/wp-json\/wp\/v2\/pages"}],"about":[{"href":"https:\/\/www.ccta.ufpb.br\/lemi\/wp-json\/wp\/v2\/types\/page"}],"author":[{"embeddable":true,"href":"https:\/\/www.ccta.ufpb.br\/lemi\/wp-json\/wp\/v2\/users\/47"}],"replies":[{"embeddable":true,"href":"https:\/\/www.ccta.ufpb.br\/lemi\/wp-json\/wp\/v2\/comments?post=13"}],"version-history":[{"count":7,"href":"https:\/\/www.ccta.ufpb.br\/lemi\/wp-json\/wp\/v2\/pages\/13\/revisions"}],"predecessor-version":[{"id":156,"href":"https:\/\/www.ccta.ufpb.br\/lemi\/wp-json\/wp\/v2\/pages\/13\/revisions\/156"}],"wp:attachment":[{"href":"https:\/\/www.ccta.ufpb.br\/lemi\/wp-json\/wp\/v2\/media?parent=13"}],"curies":[{"name":"wp","href":"https:\/\/api.w.org\/{rel}","templated":true}]}}