{"id":25,"date":"2025-06-02T19:43:18","date_gmt":"2025-06-02T22:43:18","guid":{"rendered":"https:\/\/www.ccta.ufpb.br\/lemi\/?page_id=25"},"modified":"2026-02-05T12:02:59","modified_gmt":"2026-02-05T15:02:59","slug":"galeria-de-midia","status":"publish","type":"page","link":"https:\/\/www.ccta.ufpb.br\/lemi\/galeria-de-midia\/","title":{"rendered":"Galeria de M\u00eddia"},"content":{"rendered":"\n<p>Durante o ano de 2025, realizamos uma s\u00e9rie de atividades formativas com crian\u00e7as. No v\u00eddeo abaixo, voc\u00ea pode conhecer um pouco mais sobre nosso projeto.<\/p>\n\n\n\n<figure class=\"wp-block-embed is-type-video is-provider-youtube wp-block-embed-youtube wp-embed-aspect-16-9 wp-has-aspect-ratio\"><div class=\"wp-block-embed__wrapper\">\n<iframe loading=\"lazy\" title=\"Ensino de M\u00fasicas Para Crian\u00e7as do Laborat\u00f3rio de Educa\u00e7\u00e3o Musical Infantil da UFPB\" width=\"500\" height=\"281\" src=\"https:\/\/www.youtube.com\/embed\/EYDV9zUpZPg?feature=oembed\" frameborder=\"0\" allow=\"accelerometer; autoplay; clipboard-write; encrypted-media; gyroscope; picture-in-picture; web-share\" referrerpolicy=\"strict-origin-when-cross-origin\" allowfullscreen><\/iframe>\n<\/div><\/figure>\n","protected":false},"excerpt":{"rendered":"<p>Durante o ano de 2025, realizamos uma s\u00e9rie de atividades formativas com crian\u00e7as. No v\u00eddeo [&hellip;]<\/p>\n","protected":false},"author":47,"featured_media":0,"parent":0,"menu_order":0,"comment_status":"closed","ping_status":"closed","template":"","meta":{"footnotes":""},"class_list":["post-25","page","type-page","status-publish","hentry"],"_links":{"self":[{"href":"https:\/\/www.ccta.ufpb.br\/lemi\/wp-json\/wp\/v2\/pages\/25","targetHints":{"allow":["GET"]}}],"collection":[{"href":"https:\/\/www.ccta.ufpb.br\/lemi\/wp-json\/wp\/v2\/pages"}],"about":[{"href":"https:\/\/www.ccta.ufpb.br\/lemi\/wp-json\/wp\/v2\/types\/page"}],"author":[{"embeddable":true,"href":"https:\/\/www.ccta.ufpb.br\/lemi\/wp-json\/wp\/v2\/users\/47"}],"replies":[{"embeddable":true,"href":"https:\/\/www.ccta.ufpb.br\/lemi\/wp-json\/wp\/v2\/comments?post=25"}],"version-history":[{"count":3,"href":"https:\/\/www.ccta.ufpb.br\/lemi\/wp-json\/wp\/v2\/pages\/25\/revisions"}],"predecessor-version":[{"id":152,"href":"https:\/\/www.ccta.ufpb.br\/lemi\/wp-json\/wp\/v2\/pages\/25\/revisions\/152"}],"wp:attachment":[{"href":"https:\/\/www.ccta.ufpb.br\/lemi\/wp-json\/wp\/v2\/media?parent=25"}],"curies":[{"name":"wp","href":"https:\/\/api.w.org\/{rel}","templated":true}]}}